{"id":7389,"date":"2017-08-29T22:07:30","date_gmt":"2017-08-30T04:07:30","guid":{"rendered":"http:\/\/www.floresdenieve.cepe.unam.mx\/blog\/?page_id=7389"},"modified":"2026-02-03T10:44:00","modified_gmt":"2026-02-03T16:44:00","slug":"muestras-fotograficas","status":"publish","type":"page","link":"https:\/\/floresdenieve.cepe.unam.mx\/blog\/index.php\/muestras-fotograficas\/","title":{"rendered":"Muestras fotogr\u00e1ficas"},"content":{"rendered":"<p><a href=\"https:\/\/floresdenieve.cepe.unam.mx\/articulo.php?id_art=1639&amp;id_numero=55\" target=\"_blank\" rel=\"noopener\">19a Muestra fotogr\u00e1fica de <em>Flores de Nieve<\/em><\/a><\/p>\n<figure id=\"attachment_12871\" aria-describedby=\"caption-attachment-12871\" style=\"width: 174px\" class=\"wp-caption alignleft\"><a href=\"https:\/\/floresdenieve.cepe.unam.mx\/blog\/wp-content\/uploads\/2026\/02\/teresa-muertos-2-scaled.jpeg\"><img decoding=\"async\" loading=\"lazy\" class=\"wp-image-12871\" src=\"https:\/\/floresdenieve.cepe.unam.mx\/blog\/wp-content\/uploads\/2026\/02\/teresa-muertos-2-scaled.jpeg\" alt=\"\" width=\"174\" height=\"130\" srcset=\"https:\/\/floresdenieve.cepe.unam.mx\/blog\/wp-content\/uploads\/2026\/02\/teresa-muertos-2-scaled.jpeg 2560w, https:\/\/floresdenieve.cepe.unam.mx\/blog\/wp-content\/uploads\/2026\/02\/teresa-muertos-2-300x225.jpeg 300w, https:\/\/floresdenieve.cepe.unam.mx\/blog\/wp-content\/uploads\/2026\/02\/teresa-muertos-2-1024x768.jpeg 1024w, https:\/\/floresdenieve.cepe.unam.mx\/blog\/wp-content\/uploads\/2026\/02\/teresa-muertos-2-768x576.jpeg 768w, https:\/\/floresdenieve.cepe.unam.mx\/blog\/wp-content\/uploads\/2026\/02\/teresa-muertos-2-1536x1152.jpeg 1536w, https:\/\/floresdenieve.cepe.unam.mx\/blog\/wp-content\/uploads\/2026\/02\/teresa-muertos-2-2048x1536.jpeg 2048w\" sizes=\"(max-width: 174px) 100vw, 174px\" \/><\/a><figcaption id=\"caption-attachment-12871\" class=\"wp-caption-text\">D\u00eda de Muertos en CDMX \/ Sabinus Dua, de Indonesia<\/figcaption><\/figure>\n<p>&nbsp;<\/p>\n<p>&nbsp;<\/p>\n<p>&nbsp;<\/p>\n<p>&nbsp;<\/p>\n<p>&nbsp;<\/p>\n<p><a href=\"https:\/\/floresdenieve.cepe.unam.mx\/articulo.php?id_art=1615&amp;id_numero=54\" target=\"_blank\" rel=\"noopener\"><span style=\"color: #0000ff;\">18a Muestra fotogr\u00e1fica de <em>Flores de Nieve<\/em><\/span><\/a><\/p>\n<figure id=\"attachment_12603\" aria-describedby=\"caption-attachment-12603\" style=\"width: 107px\" class=\"wp-caption alignleft\"><a href=\"https:\/\/floresdenieve.cepe.unam.mx\/blog\/wp-content\/uploads\/2025\/10\/rene-orgullo.png\"><img decoding=\"async\" loading=\"lazy\" class=\"wp-image-12603\" src=\"https:\/\/floresdenieve.cepe.unam.mx\/blog\/wp-content\/uploads\/2025\/10\/rene-orgullo.png\" alt=\"\" width=\"107\" height=\"143\" srcset=\"https:\/\/floresdenieve.cepe.unam.mx\/blog\/wp-content\/uploads\/2025\/10\/rene-orgullo.png 384w, https:\/\/floresdenieve.cepe.unam.mx\/blog\/wp-content\/uploads\/2025\/10\/rene-orgullo-225x300.png 225w\" sizes=\"(max-width: 107px) 100vw, 107px\" \/><\/a><figcaption id=\"caption-attachment-12603\" class=\"wp-caption-text\">&#8220;El desfile del Orgullo en CDMX&#8221;. Ren\u00e9 Cheng. Estudiante de China-Estados Unidos.<\/figcaption><\/figure>\n<p>&nbsp;<\/p>\n<p>&nbsp;<\/p>\n<p>&nbsp;<\/p>\n<p>&nbsp;<\/p>\n<p>&nbsp;<\/p>\n<p>&nbsp;<\/p>\n<p>&nbsp;<\/p>\n<p><a href=\"https:\/\/floresdenieve.cepe.unam.mx\/seccion.php?id_cat=61&amp;id_numero=53\" target=\"_blank\" rel=\"noopener\"><span style=\"color: #0000ff;\">17a Muestra fotogr\u00e1fica de <em>Flores de Nieve<\/em><\/span><\/a><\/p>\n<p><a href=\"https:\/\/floresdenieve.cepe.unam.mx\/blog\/wp-content\/uploads\/2024\/12\/daniele.jpg\"><img decoding=\"async\" loading=\"lazy\" class=\"alignleft  wp-image-12105\" src=\"https:\/\/floresdenieve.cepe.unam.mx\/blog\/wp-content\/uploads\/2024\/12\/daniele.jpg\" alt=\"\" width=\"144\" height=\"94\" srcset=\"https:\/\/floresdenieve.cepe.unam.mx\/blog\/wp-content\/uploads\/2024\/12\/daniele.jpg 512w, https:\/\/floresdenieve.cepe.unam.mx\/blog\/wp-content\/uploads\/2024\/12\/daniele-300x196.jpg 300w\" sizes=\"(max-width: 144px) 100vw, 144px\" \/><\/a><\/p>\n<p>&nbsp;<\/p>\n<p>&nbsp;<\/p>\n<p>&nbsp;<\/p>\n<p>&#8220;Cristo redentor&#8221;. Daniele Buchidid. Estudiante de Brasil<\/p>\n<p><a href=\"https:\/\/floresdenieve.cepe.unam.mx\/articulo.php?id_art=1542&amp;id_numero=52\" target=\"_blank\" rel=\"noopener\"><span style=\"color: #0000ff;\">16a Muestra fotogr\u00e1fica de <\/span><em><span style=\"color: #0000ff;\">Flores de Nieve<\/span><\/em><\/a><\/p>\n<p><a href=\"https:\/\/floresdenieve.cepe.unam.mx\/blog\/wp-content\/uploads\/2024\/08\/16a-muestra-sn-angel.jpg\"><img decoding=\"async\" loading=\"lazy\" class=\"alignleft  wp-image-11938\" src=\"https:\/\/floresdenieve.cepe.unam.mx\/blog\/wp-content\/uploads\/2024\/08\/16a-muestra-sn-angel.jpg\" alt=\"\" width=\"125\" height=\"173\" srcset=\"https:\/\/floresdenieve.cepe.unam.mx\/blog\/wp-content\/uploads\/2024\/08\/16a-muestra-sn-angel.jpg 620w, https:\/\/floresdenieve.cepe.unam.mx\/blog\/wp-content\/uploads\/2024\/08\/16a-muestra-sn-angel-217x300.jpg 217w\" sizes=\"(max-width: 125px) 100vw, 125px\" \/><\/a><\/p>\n<p>&nbsp;<\/p>\n<p>&nbsp;<\/p>\n<p>&nbsp;<\/p>\n<p>&nbsp;<\/p>\n<p>&#8220;San \u00c1ngel&#8221;,\u00a0 Iuliia. Estudiante de Rusia<\/p>\n<p><a href=\"https:\/\/floresdenieve.cepe.unam.mx\/seccion.php?id_cat=61&amp;id_numero=51\"><span style=\"color: #ff6600;\"><strong>15a Muestra fotogr\u00e1fica de <em>Flores de Nieve<\/em><\/strong><\/span><\/a><\/p>\n<figure id=\"attachment_11569\" aria-describedby=\"caption-attachment-11569\" style=\"width: 150px\" class=\"wp-caption alignleft\"><a href=\"https:\/\/floresdenieve.cepe.unam.mx\/blog\/wp-content\/uploads\/2024\/01\/Luc1-scaled.jpg\"><img decoding=\"async\" loading=\"lazy\" class=\"wp-image-11569 size-thumbnail\" src=\"https:\/\/floresdenieve.cepe.unam.mx\/blog\/wp-content\/uploads\/2024\/01\/Luc1-150x150.jpg\" alt=\"\" width=\"150\" height=\"150\" \/><\/a><figcaption id=\"caption-attachment-11569\" class=\"wp-caption-text\"><em>&#8220;Fin del mundo<\/em>&#8221; Luc Morin. Estudiante de Canad\u00e1<\/figcaption><\/figure>\n<p>&nbsp;<\/p>\n<p>&nbsp;<\/p>\n<p>&nbsp;<\/p>\n<p>&nbsp;<\/p>\n<p>&nbsp;<\/p>\n<p>&nbsp;<\/p>\n<p>&nbsp;<\/p>\n<p><a href=\"https:\/\/floresdenieve.cepe.unam.mx\/seccion.php?id_numero=50&amp;id_cat=61\" target=\"_blank\" rel=\"noopener\"><span style=\"color: #ff6600;\"><strong>14a Muestra fotogr\u00e1fica de <em>Flores de Nieve<\/em><\/strong><\/span><\/a><\/p>\n<figure id=\"attachment_10951\" aria-describedby=\"caption-attachment-10951\" style=\"width: 363px\" class=\"wp-caption alignleft\"><a href=\"https:\/\/floresdenieve.cepe.unam.mx\/blog\/wp-content\/uploads\/2023\/07\/image029.jpg\"><img decoding=\"async\" loading=\"lazy\" class=\"wp-image-10951 \" src=\"https:\/\/floresdenieve.cepe.unam.mx\/blog\/wp-content\/uploads\/2023\/07\/image029.jpg\" alt=\"\" width=\"363\" height=\"242\" srcset=\"https:\/\/floresdenieve.cepe.unam.mx\/blog\/wp-content\/uploads\/2023\/07\/image029.jpg 1024w, https:\/\/floresdenieve.cepe.unam.mx\/blog\/wp-content\/uploads\/2023\/07\/image029-300x200.jpg 300w, https:\/\/floresdenieve.cepe.unam.mx\/blog\/wp-content\/uploads\/2023\/07\/image029-768x512.jpg 768w\" sizes=\"(max-width: 363px) 100vw, 363px\" \/><\/a><figcaption id=\"caption-attachment-10951\" class=\"wp-caption-text\">&#8220;Avistamiento de ballenas en Los Cabos, Baja Cal., M\u00e9xico&#8221;\u00a0\u00a0\u00a0\u00a0\u00a0\u00a0\u00a0\u00a0\u00a0\u00a0\u00a0\u00a0\u00a0\u00a0\u00a0\u00a0\u00a0\u00a0\u00a0\u00a0\u00a0\u00a0\u00a0\u00a0\u00a0 Daria Lemesheva. Estudiante de Rusia.<\/figcaption><\/figure>\n<p>&nbsp;<\/p>\n<p>&nbsp;<\/p>\n<p>&nbsp;<\/p>\n<p>&nbsp;<\/p>\n<p>&nbsp;<\/p>\n<p>&nbsp;<\/p>\n<p>&nbsp;<\/p>\n<p><span style=\"color: #ff6600;\"><a style=\"color: #ff6600;\" href=\"https:\/\/floresdenieve.cepe.unam.mx\/articulo.php?id_art=1443&amp;id_numero=49\" target=\"_blank\" rel=\"noopener\"><strong>13a Muestra fotogr\u00e1fica de <em>Flores de Nieve<\/em><\/strong><\/a><\/span><\/p>\n<figure id=\"attachment_10341\" aria-describedby=\"caption-attachment-10341\" style=\"width: 294px\" class=\"wp-caption alignleft\"><a href=\"https:\/\/floresdenieve.cepe.unam.mx\/blog\/wp-content\/uploads\/2023\/02\/jiang-feifei.jpg\"><img decoding=\"async\" loading=\"lazy\" class=\" wp-image-10341\" src=\"https:\/\/floresdenieve.cepe.unam.mx\/blog\/wp-content\/uploads\/2023\/02\/jiang-feifei.jpg\" alt=\"\" width=\"294\" height=\"225\" srcset=\"https:\/\/floresdenieve.cepe.unam.mx\/blog\/wp-content\/uploads\/2023\/02\/jiang-feifei.jpg 695w, https:\/\/floresdenieve.cepe.unam.mx\/blog\/wp-content\/uploads\/2023\/02\/jiang-feifei-300x231.jpg 300w\" sizes=\"(max-width: 294px) 100vw, 294px\" \/><\/a><figcaption id=\"caption-attachment-10341\" class=\"wp-caption-text\">&#8220;Arte en las calles&#8221;<br \/>Jiang Feifei<br \/>Estudiante de China de Espa\u00f1ol 1 \/<br \/>CEPE-Polanco, UNAM, Ciudad de M\u00e9xico<\/figcaption><\/figure>\n<p>&nbsp;<\/p>\n<p>&nbsp;<\/p>\n<p>&nbsp;<\/p>\n<p>&nbsp;<\/p>\n<p>&nbsp;<\/p>\n<p>&nbsp;<\/p>\n<p>&nbsp;<\/p>\n<p><strong><a href=\"https:\/\/floresdenieve.cepe.unam.mx\/articulo.php?id_art=1414&amp;id_numero=48\" target=\"_blank\" rel=\"noopener\">12a Muestra Fotogr\u00e1fica de <em>Flores de Nieve<\/em><\/a><\/strong><\/p>\n<figure id=\"attachment_10344\" aria-describedby=\"caption-attachment-10344\" style=\"width: 277px\" class=\"wp-caption alignleft\"><a href=\"https:\/\/floresdenieve.cepe.unam.mx\/blog\/wp-content\/uploads\/2023\/02\/Pawel-Wodzien.jpg\"><img decoding=\"async\" loading=\"lazy\" class=\" wp-image-10344\" src=\"https:\/\/floresdenieve.cepe.unam.mx\/blog\/wp-content\/uploads\/2023\/02\/Pawel-Wodzien.jpg\" alt=\"\" width=\"277\" height=\"186\" srcset=\"https:\/\/floresdenieve.cepe.unam.mx\/blog\/wp-content\/uploads\/2023\/02\/Pawel-Wodzien.jpg 839w, https:\/\/floresdenieve.cepe.unam.mx\/blog\/wp-content\/uploads\/2023\/02\/Pawel-Wodzien-300x201.jpg 300w, https:\/\/floresdenieve.cepe.unam.mx\/blog\/wp-content\/uploads\/2023\/02\/Pawel-Wodzien-768x515.jpg 768w\" sizes=\"(max-width: 277px) 100vw, 277px\" \/><\/a><figcaption id=\"caption-attachment-10344\" class=\"wp-caption-text\">&#8220;Mural&#8221;<br \/>Pawel Wodzien<br \/>Estudiante de Polonia de Espa\u00f1ol 5 \/<br \/>CEPE-CU, UNAM, Ciudad de M\u00e9xico<\/figcaption><\/figure>\n<p>&nbsp;<\/p>\n<p>&nbsp;<\/p>\n<p>&nbsp;<\/p>\n<p>&nbsp;<\/p>\n<p>&nbsp;<\/p>\n<p>&nbsp;<\/p>\n<p>&nbsp;<\/p>\n<p><strong><a href=\"https:\/\/floresdenieve.cepe.unam.mx\/articulo.php?id_art=1041&amp;id_numero=47\" target=\"_blank\" rel=\"noopener\"><span style=\"color: #ff6600;\">11a Muestra Fotogr\u00e1fica de<\/span> <em><span style=\"color: #ff6600;\">Flores de Nieve<\/span><\/em><\/a><\/strong><\/p>\n<figure id=\"attachment_10345\" aria-describedby=\"caption-attachment-10345\" style=\"width: 272px\" class=\"wp-caption alignleft\"><a href=\"https:\/\/floresdenieve.cepe.unam.mx\/blog\/wp-content\/uploads\/2023\/02\/Sepehr-Ghanbari.jpg\"><img decoding=\"async\" loading=\"lazy\" class=\" wp-image-10345\" src=\"https:\/\/floresdenieve.cepe.unam.mx\/blog\/wp-content\/uploads\/2023\/02\/Sepehr-Ghanbari.jpg\" alt=\"\" width=\"272\" height=\"206\" srcset=\"https:\/\/floresdenieve.cepe.unam.mx\/blog\/wp-content\/uploads\/2023\/02\/Sepehr-Ghanbari.jpg 524w, https:\/\/floresdenieve.cepe.unam.mx\/blog\/wp-content\/uploads\/2023\/02\/Sepehr-Ghanbari-300x227.jpg 300w\" sizes=\"(max-width: 272px) 100vw, 272px\" \/><\/a><figcaption id=\"caption-attachment-10345\" class=\"wp-caption-text\">&#8220;SMORFAM&#8221;<br \/>Sepehr Ghanbari<br \/>Estudiante de Ir\u00e1n, Universidad de Teher\u00e1n<\/figcaption><\/figure>\n<p>&nbsp;<\/p>\n<p>&nbsp;<\/p>\n<p>&nbsp;<\/p>\n<p>&nbsp;<\/p>\n<p>&nbsp;<\/p>\n<p>&nbsp;<\/p>\n<p>&nbsp;<\/p>\n<p><span style=\"color: #ff6600;\"><strong><a style=\"color: #ff6600;\" href=\"http:\/\/132.248.130.106\/revistafden\/articulo.php?id_art=993&amp;id_numero=46\" target=\"_blank\" rel=\"noopener\">10a Muestra Fotogr\u00e1fica de <em>Flores de Nieve<\/em><\/a><\/strong><\/span><\/p>\n<figure id=\"attachment_10347\" aria-describedby=\"caption-attachment-10347\" style=\"width: 248px\" class=\"wp-caption alignleft\"><a href=\"https:\/\/floresdenieve.cepe.unam.mx\/blog\/wp-content\/uploads\/2023\/02\/Yanyan-Yu.jpg\"><img decoding=\"async\" loading=\"lazy\" class=\" wp-image-10347\" src=\"https:\/\/floresdenieve.cepe.unam.mx\/blog\/wp-content\/uploads\/2023\/02\/Yanyan-Yu.jpg\" alt=\"\" width=\"248\" height=\"311\" srcset=\"https:\/\/floresdenieve.cepe.unam.mx\/blog\/wp-content\/uploads\/2023\/02\/Yanyan-Yu.jpg 529w, https:\/\/floresdenieve.cepe.unam.mx\/blog\/wp-content\/uploads\/2023\/02\/Yanyan-Yu-239x300.jpg 239w\" sizes=\"(max-width: 248px) 100vw, 248px\" \/><\/a><figcaption id=\"caption-attachment-10347\" class=\"wp-caption-text\">&#8220;El Miaohui&#8221;<br \/>Yanyan Yu<br \/>Estudiante de China de Espa\u00f1ol 7 \/<br \/>CEPE-Ciudad Universitaria, Ciudad de M\u00e9xico<\/figcaption><\/figure>\n<p>&nbsp;<\/p>\n<p>&nbsp;<\/p>\n<p>&nbsp;<\/p>\n<p>&nbsp;<\/p>\n<p>&nbsp;<\/p>\n<p>&nbsp;<\/p>\n<p>&nbsp;<\/p>\n<p>&nbsp;<\/p>\n<p>&nbsp;<\/p>\n<p><strong><span style=\"color: #ff6600;\"><a style=\"color: #ff6600;\" href=\"https:\/\/floresdenieve.cepe.unam.mx\/seccion.php?id_cat=61&amp;id_numero=45\" target=\"_blank\" rel=\"noopener\">9a Muestra Fotogr\u00e1fica de <em>Flores de Nieve<\/em><\/a><\/span><\/strong><\/p>\n<figure id=\"attachment_10350\" aria-describedby=\"caption-attachment-10350\" style=\"width: 253px\" class=\"wp-caption alignleft\"><a href=\"https:\/\/floresdenieve.cepe.unam.mx\/blog\/wp-content\/uploads\/2023\/02\/Yaou-Hu.jpg\"><img decoding=\"async\" loading=\"lazy\" class=\" wp-image-10350\" src=\"https:\/\/floresdenieve.cepe.unam.mx\/blog\/wp-content\/uploads\/2023\/02\/Yaou-Hu.jpg\" alt=\"\" width=\"253\" height=\"338\" srcset=\"https:\/\/floresdenieve.cepe.unam.mx\/blog\/wp-content\/uploads\/2023\/02\/Yaou-Hu.jpg 521w, https:\/\/floresdenieve.cepe.unam.mx\/blog\/wp-content\/uploads\/2023\/02\/Yaou-Hu-225x300.jpg 225w\" sizes=\"(max-width: 253px) 100vw, 253px\" \/><\/a><figcaption id=\"caption-attachment-10350\" class=\"wp-caption-text\">&#8220;Afronta 2020 con una sonrisa&#8221;<br \/>Yaou Hu<br \/>Estudiante de China de Espa\u00f1ol 5 \/<br \/>CEPE-Polanco, UNAM, Ciudad de M\u00e9xico<\/figcaption><\/figure>\n<p>&nbsp;<\/p>\n<p>&nbsp;<\/p>\n<p>&nbsp;<\/p>\n<p>&nbsp;<\/p>\n<p>&nbsp;<\/p>\n<p>&nbsp;<\/p>\n<p>&nbsp;<\/p>\n<p>&nbsp;<\/p>\n<p>&nbsp;<\/p>\n<p>&nbsp;<\/p>\n<p><strong><span style=\"color: #ff6600;\"><a style=\"color: #ff6600;\" href=\"https:\/\/floresdenieve.cepe.unam.mx\/articulo.php?id_art=893&amp;id_numero=44\" target=\"_blank\" rel=\"noopener\">8a Muestra Fotogr\u00e1fica de <em>Flores de Nieve<\/em><\/a><\/span><\/strong><\/p>\n<figure id=\"attachment_10352\" aria-describedby=\"caption-attachment-10352\" style=\"width: 250px\" class=\"wp-caption alignleft\"><a href=\"https:\/\/floresdenieve.cepe.unam.mx\/blog\/wp-content\/uploads\/2023\/02\/Ling-Zhang.jpg\"><img decoding=\"async\" loading=\"lazy\" class=\" wp-image-10352\" src=\"https:\/\/floresdenieve.cepe.unam.mx\/blog\/wp-content\/uploads\/2023\/02\/Ling-Zhang.jpg\" alt=\"\" width=\"250\" height=\"168\" srcset=\"https:\/\/floresdenieve.cepe.unam.mx\/blog\/wp-content\/uploads\/2023\/02\/Ling-Zhang.jpg 532w, https:\/\/floresdenieve.cepe.unam.mx\/blog\/wp-content\/uploads\/2023\/02\/Ling-Zhang-300x201.jpg 300w\" sizes=\"(max-width: 250px) 100vw, 250px\" \/><\/a><figcaption id=\"caption-attachment-10352\" class=\"wp-caption-text\">&#8220;Columpio&#8221;<br \/>Ling Ling Zhang<br \/>Estudiante de China de Espa\u00f1ol 5 \/<br \/>CEPE-Polanco, UNAM, Ciudad de M\u00e9xico<\/figcaption><\/figure>\n<p>&nbsp;<\/p>\n<p>&nbsp;<\/p>\n<p>&nbsp;<\/p>\n<p>&nbsp;<\/p>\n<p>&nbsp;<\/p>\n<p>&nbsp;<\/p>\n<p><strong><span style=\"color: #ff6600;\"><a style=\"color: #ff6600;\" href=\"https:\/\/floresdenieve.cepe.unam.mx\/articulo.php?id_art=812&amp;id_numero=32\">7a Muestra Fotogr\u00e1fica de <em>Flores de Nieve<\/em><\/a><\/span><\/strong><\/p>\n<figure id=\"attachment_10354\" aria-describedby=\"caption-attachment-10354\" style=\"width: 211px\" class=\"wp-caption alignleft\"><a href=\"https:\/\/floresdenieve.cepe.unam.mx\/blog\/wp-content\/uploads\/2023\/02\/marcela-nieto.jpg\"><img decoding=\"async\" loading=\"lazy\" class=\" wp-image-10354\" src=\"https:\/\/floresdenieve.cepe.unam.mx\/blog\/wp-content\/uploads\/2023\/02\/marcela-nieto.jpg\" alt=\"\" width=\"211\" height=\"343\" srcset=\"https:\/\/floresdenieve.cepe.unam.mx\/blog\/wp-content\/uploads\/2023\/02\/marcela-nieto.jpg 430w, https:\/\/floresdenieve.cepe.unam.mx\/blog\/wp-content\/uploads\/2023\/02\/marcela-nieto-185x300.jpg 185w\" sizes=\"(max-width: 211px) 100vw, 211px\" \/><\/a><figcaption id=\"caption-attachment-10354\" class=\"wp-caption-text\">Marcela Nieto<br \/>Profesora de espa\u00f1ol para extranjeros en CEPE CU, Ciudad de M\u00e9xico<\/figcaption><\/figure>\n<p>&nbsp;<\/p>\n<p>&nbsp;<\/p>\n<p>&nbsp;<\/p>\n<p>&nbsp;<\/p>\n<p>&nbsp;<\/p>\n<p>&nbsp;<\/p>\n<p>&nbsp;<\/p>\n<p>&nbsp;<\/p>\n<p>&nbsp;<\/p>\n<p><strong><span style=\"color: #ff6600;\"><a style=\"color: #ff6600;\" href=\"https:\/\/floresdenieve.cepe.unam.mx\/articulo.php?id_art=790&amp;id_numero=30\" target=\"_blank\" rel=\"noopener\">6a Muestra Fotogr\u00e1fica de <em>Flores de Nieve<\/em><\/a><\/span><\/strong><\/p>\n<figure id=\"attachment_10355\" aria-describedby=\"caption-attachment-10355\" style=\"width: 209px\" class=\"wp-caption alignleft\"><a href=\"https:\/\/floresdenieve.cepe.unam.mx\/blog\/wp-content\/uploads\/2023\/02\/Eunbyeol-Ko.jpg\"><img decoding=\"async\" loading=\"lazy\" class=\" wp-image-10355\" src=\"https:\/\/floresdenieve.cepe.unam.mx\/blog\/wp-content\/uploads\/2023\/02\/Eunbyeol-Ko.jpg\" alt=\"\" width=\"209\" height=\"139\" srcset=\"https:\/\/floresdenieve.cepe.unam.mx\/blog\/wp-content\/uploads\/2023\/02\/Eunbyeol-Ko.jpg 529w, https:\/\/floresdenieve.cepe.unam.mx\/blog\/wp-content\/uploads\/2023\/02\/Eunbyeol-Ko-300x200.jpg 300w\" sizes=\"(max-width: 209px) 100vw, 209px\" \/><\/a><figcaption id=\"caption-attachment-10355\" class=\"wp-caption-text\">&#8220;Las Coloradas, Yucat\u00e1n, M\u00e9xico&#8221;<br \/>Eunbyeol Ko<br \/>Estudiante De Corea de Espa\u00f1ol 2 \/<br \/>CEPE-Polanco, UNAM, Ciudad de M\u00e9xico<\/figcaption><\/figure>\n<p>&nbsp;<\/p>\n<p>&nbsp;<\/p>\n<p>&nbsp;<\/p>\n<p>&nbsp;<\/p>\n<p>&nbsp;<\/p>\n<p>&nbsp;<\/p>\n<p><strong><span style=\"color: #ff6600;\"><a style=\"color: #ff6600;\" href=\"https:\/\/floresdenieve.cepe.unam.mx\/articulo.php?id_art=232&amp;id_numero=30\" target=\"_blank\" rel=\"noopener\">5a Muestra Fotogr\u00e1fica de <em>Flores de Nieve<\/em><\/a><\/span><\/strong><\/p>\n<figure id=\"attachment_10357\" aria-describedby=\"caption-attachment-10357\" style=\"width: 251px\" class=\"wp-caption alignleft\"><a href=\"https:\/\/floresdenieve.cepe.unam.mx\/blog\/wp-content\/uploads\/2023\/02\/naoto-masuda.jpg\"><img decoding=\"async\" loading=\"lazy\" class=\" wp-image-10357\" src=\"https:\/\/floresdenieve.cepe.unam.mx\/blog\/wp-content\/uploads\/2023\/02\/naoto-masuda.jpg\" alt=\"\" width=\"251\" height=\"188\" srcset=\"https:\/\/floresdenieve.cepe.unam.mx\/blog\/wp-content\/uploads\/2023\/02\/naoto-masuda.jpg 4032w, https:\/\/floresdenieve.cepe.unam.mx\/blog\/wp-content\/uploads\/2023\/02\/naoto-masuda-300x225.jpg 300w, https:\/\/floresdenieve.cepe.unam.mx\/blog\/wp-content\/uploads\/2023\/02\/naoto-masuda-768x576.jpg 768w, https:\/\/floresdenieve.cepe.unam.mx\/blog\/wp-content\/uploads\/2023\/02\/naoto-masuda-1024x768.jpg 1024w\" sizes=\"(max-width: 251px) 100vw, 251px\" \/><\/a><figcaption id=\"caption-attachment-10357\" class=\"wp-caption-text\">&#8220;Mi primera pi\u00f1ata&#8221;<br \/>Naoto Masuda<br \/>Estudiante de Jap\u00f3n de Espa\u00f1ol 7 \/<br \/>CEPE-CU, UNAM, Ciudad de M\u00e9xico<\/figcaption><\/figure>\n<p>&nbsp;<\/p>\n<p>&nbsp;<\/p>\n<p>&nbsp;<\/p>\n<p>&nbsp;<\/p>\n<p>&nbsp;<\/p>\n<p>&nbsp;<\/p>\n<p>&nbsp;<\/p>\n<p><a href=\"https:\/\/floresdenieve.cepe.unam.mx\/articulo.php?id_art=771&amp;id_numero=26\" target=\"_blank\" rel=\"noopener\"><strong><span style=\"color: #ff6600;\">2a Muestra fotogr\u00e1fica de <em>Flores de Nieve<\/em><\/span><\/strong><\/a><\/p>\n<figure id=\"attachment_10359\" aria-describedby=\"caption-attachment-10359\" style=\"width: 255px\" class=\"wp-caption alignleft\"><a href=\"https:\/\/floresdenieve.cepe.unam.mx\/blog\/wp-content\/uploads\/2023\/02\/bastien-fabre.jpg\"><img decoding=\"async\" loading=\"lazy\" class=\" wp-image-10359\" src=\"https:\/\/floresdenieve.cepe.unam.mx\/blog\/wp-content\/uploads\/2023\/02\/bastien-fabre.jpg\" alt=\"\" width=\"255\" height=\"166\" srcset=\"https:\/\/floresdenieve.cepe.unam.mx\/blog\/wp-content\/uploads\/2023\/02\/bastien-fabre.jpg 495w, https:\/\/floresdenieve.cepe.unam.mx\/blog\/wp-content\/uploads\/2023\/02\/bastien-fabre-300x195.jpg 300w\" sizes=\"(max-width: 255px) 100vw, 255px\" \/><\/a><figcaption id=\"caption-attachment-10359\" class=\"wp-caption-text\">&#8220;Reflexi\u00f3n&#8221;<br \/>Bastien Fabre<br \/>Estudiante de Francia de Espa\u00f1ol 5 \/ <br \/>CEPE-CU, UNAM, Ciudad de M\u00e9xico<\/figcaption><\/figure>\n<p>&nbsp;<\/p>\n<p>&nbsp;<\/p>\n<p>&nbsp;<\/p>\n<p>&nbsp;<\/p>\n<p>&nbsp;<\/p>\n<p>&nbsp;<\/p>\n<p><a href=\"https:\/\/floresdenieve.cepe.unam.mx\/articulo.php?id_art=958&amp;id_numero=25\" target=\"_blank\" rel=\"noopener\"><span style=\"color: #ff6600;\"><strong>1a Muestra fotogr\u00e1fica de <em>Flores de Nieve<\/em><\/strong><\/span><\/a><\/p>\n<figure id=\"attachment_10360\" aria-describedby=\"caption-attachment-10360\" style=\"width: 235px\" class=\"wp-caption alignleft\"><a href=\"https:\/\/floresdenieve.cepe.unam.mx\/blog\/wp-content\/uploads\/2023\/02\/catrines.jpg\"><img decoding=\"async\" loading=\"lazy\" class=\" wp-image-10360\" src=\"https:\/\/floresdenieve.cepe.unam.mx\/blog\/wp-content\/uploads\/2023\/02\/catrines.jpg\" alt=\"\" width=\"235\" height=\"232\" srcset=\"https:\/\/floresdenieve.cepe.unam.mx\/blog\/wp-content\/uploads\/2023\/02\/catrines.jpg 590w, https:\/\/floresdenieve.cepe.unam.mx\/blog\/wp-content\/uploads\/2023\/02\/catrines-300x295.jpg 300w\" sizes=\"(max-width: 235px) 100vw, 235px\" \/><\/a><figcaption id=\"caption-attachment-10360\" class=\"wp-caption-text\">&#8220;Catrines&#8221;<br \/>Estudiante de Canad\u00e1<br \/>UNAM-Canad\u00e1<\/figcaption><\/figure>\n<p>&nbsp;<\/p>\n<p>&nbsp;<\/p>\n<p>&nbsp;<\/p>\n<p>&nbsp;<\/p>\n<p>&nbsp;<\/p>\n<p>&nbsp;<\/p>\n<p>&nbsp;<\/p>\n","protected":false},"excerpt":{"rendered":"<p>19a Muestra fotogr\u00e1fica de Flores de Nieve &nbsp; &nbsp; &nbsp; &nbsp; &nbsp; 18a Muestra fotogr\u00e1fica de Flores de Nieve &nbsp; &nbsp; &nbsp; &nbsp; &nbsp; &nbsp; &nbsp; 17a Muestra fotogr\u00e1fica de Flores de Nieve &nbsp; &nbsp; &nbsp; &#8220;Cristo redentor&#8221;. Daniele Buchidid. Estudiante de Brasil 16a Muestra fotogr\u00e1fica de Flores de Nieve &nbsp; &nbsp; &nbsp; &nbsp; &#8220;San &hellip; <a href=\"https:\/\/floresdenieve.cepe.unam.mx\/blog\/index.php\/muestras-fotograficas\/\" class=\"more-link\">Seguir leyendo <span class=\"screen-reader-text\">Muestras fotogr\u00e1ficas<\/span> <span class=\"meta-nav\">&rarr;<\/span><\/a><\/p>\n","protected":false},"author":1,"featured_media":0,"parent":0,"menu_order":0,"comment_status":"open","ping_status":"open","template":"","meta":{"footnotes":""},"_links":{"self":[{"href":"https:\/\/floresdenieve.cepe.unam.mx\/blog\/index.php\/wp-json\/wp\/v2\/pages\/7389"}],"collection":[{"href":"https:\/\/floresdenieve.cepe.unam.mx\/blog\/index.php\/wp-json\/wp\/v2\/pages"}],"about":[{"href":"https:\/\/floresdenieve.cepe.unam.mx\/blog\/index.php\/wp-json\/wp\/v2\/types\/page"}],"author":[{"embeddable":true,"href":"https:\/\/floresdenieve.cepe.unam.mx\/blog\/index.php\/wp-json\/wp\/v2\/users\/1"}],"replies":[{"embeddable":true,"href":"https:\/\/floresdenieve.cepe.unam.mx\/blog\/index.php\/wp-json\/wp\/v2\/comments?post=7389"}],"version-history":[{"count":70,"href":"https:\/\/floresdenieve.cepe.unam.mx\/blog\/index.php\/wp-json\/wp\/v2\/pages\/7389\/revisions"}],"predecessor-version":[{"id":12875,"href":"https:\/\/floresdenieve.cepe.unam.mx\/blog\/index.php\/wp-json\/wp\/v2\/pages\/7389\/revisions\/12875"}],"wp:attachment":[{"href":"https:\/\/floresdenieve.cepe.unam.mx\/blog\/index.php\/wp-json\/wp\/v2\/media?parent=7389"}],"curies":[{"name":"wp","href":"https:\/\/api.w.org\/{rel}","templated":true}]}}